{"id":1423,"date":"2020-02-17T17:45:38","date_gmt":"2020-02-17T17:45:38","guid":{"rendered":"https:\/\/kolpingsfamilie-neunkirchen.de\/wordpress\/?page_id=1423"},"modified":"2026-01-30T17:37:29","modified_gmt":"2026-01-30T16:37:29","slug":"beitraege-neu","status":"publish","type":"page","link":"https:\/\/www.kolpingsfamilie-neunkirchen.de\/index.php\/beitraege-neu\/","title":{"rendered":"Beitr\u00e4ge"},"content":{"rendered":"\n\t\t\t<div class=\"wp-block-uagb-post-grid uagb-post-grid  uagb-post__image-position-top uagb-post__image-enabled uagb-block-d8bf6099-f5c5-453b-9e05-b68f603828b3     uagb-post__items uagb-post__columns-1 is-grid uagb-post__columns-tablet-1 uagb-post__columns-mobile-1 uagb-post__equal-height\" data-total=\"1\" style=\"\">\n\n\t\t\t\t\t\t\t\t\t\t\t\t<article class=\"uagb-post__inner-wrap\">\t\t\t\t\t\t\t\t<div class='uagb-post__image'>\n\t\t\t\t\t\t\t\t\t<a href=\"https:\/\/www.kolpingsfamilie-neunkirchen.de\/index.php\/2026\/03\/20\/mit-der-kolpingsfamilie-auf-dem-weg-nach-emmaus-2\/\" target=\"_self\" rel=\"bookmark noopener noreferrer\" class='uagb-image-ratio-inherit'><img loading=\"lazy\" decoding=\"async\" width=\"209\" height=\"300\" src=\"https:\/\/www.kolpingsfamilie-neunkirchen.de\/wp-content\/uploads\/2026\/03\/Plakat-Emmausgang-2026-209x300.png\" class=\"attachment-medium size-medium\" alt=\"\" srcset=\"https:\/\/www.kolpingsfamilie-neunkirchen.de\/wp-content\/uploads\/2026\/03\/Plakat-Emmausgang-2026-209x300.png 209w, https:\/\/www.kolpingsfamilie-neunkirchen.de\/wp-content\/uploads\/2026\/03\/Plakat-Emmausgang-2026-713x1024.png 713w, https:\/\/www.kolpingsfamilie-neunkirchen.de\/wp-content\/uploads\/2026\/03\/Plakat-Emmausgang-2026-768x1103.png 768w, https:\/\/www.kolpingsfamilie-neunkirchen.de\/wp-content\/uploads\/2026\/03\/Plakat-Emmausgang-2026-1070x1536.png 1070w, https:\/\/www.kolpingsfamilie-neunkirchen.de\/wp-content\/uploads\/2026\/03\/Plakat-Emmausgang-2026-1426x2048.png 1426w, https:\/\/www.kolpingsfamilie-neunkirchen.de\/wp-content\/uploads\/2026\/03\/Plakat-Emmausgang-2026-scaled.png 1783w\" sizes=\"auto, (max-width: 209px) 100vw, 209px\" \/>\t\t\t\t\t<\/a>\n\t\t\t\t\t\t\t<\/div>\n\t\t\t\t\t\t<h4 class=\"uagb-post__title uagb-post__text\">\n\t\t\t\t<a href=\"https:\/\/www.kolpingsfamilie-neunkirchen.de\/index.php\/2026\/03\/20\/mit-der-kolpingsfamilie-auf-dem-weg-nach-emmaus-2\/\" target=\"_self\" rel=\"bookmark noopener noreferrer\">Mit der Kolpingsfamilie auf dem Weg nach EMMAUS<\/a>\n\t\t\t<\/h4>\n\t\t\t\t\t\t<div class='uagb-post__text uagb-post-grid-byline'>\n\t\t\t\t\t\t\t\t<time datetime=\"2026-03-20T01:00:00+01:00\" class=\"uagb-post__date\">\n\t\t\t\t<span class=\"dashicons-calendar dashicons\"><\/span>\t\t\t\t\t20. M\u00e4rz 2026\t\t\t\t<\/time>\n\t\t\t\t\t\t<\/div>\n\t\t\t\t\t\t\t<div class='uagb-post__text uagb-post__excerpt'>\n\t\t\t\t\t<p>Am Ostermontag, den 06.04.2026 um 14:00 Uhr Wir treffen uns zum gemeinsamen Start am Pfarrgemeindehaus A. Kolping. Zusammen wollen wir den Spuren der Emmausj\u00fcnger folgen und nachsp\u00fcren. Wir wandern nach Kleinsendelbach, dort werden wir in der Kirche eine gemeinsame Andacht feiern und im Anschluss im Gasthaus \u201eZur Rose\u201c (Schnipperla) einkehren&#8230;.\t\t\t\t<\/div>\n\t\t\t\t\t\t<div class=\"uagb-post__text uagb-post__cta wp-block-button\">\n\t\t\t\t<a class=\"wp-block-button__link uagb-text-link\" style=\"\" href=\"https:\/\/www.kolpingsfamilie-neunkirchen.de\/index.php\/2026\/03\/20\/mit-der-kolpingsfamilie-auf-dem-weg-nach-emmaus-2\/\" target=\"_self\" rel=\"bookmark noopener noreferrer\">Weiterlesen<\/a>\n\t\t\t<\/div>\n\t\t\t\n\t\t\t\t\t\t\t\t\t<\/article>\n\t\t\t\t\t\t\t\t\t\t\t\t\t\t\t\t<article class=\"uagb-post__inner-wrap\">\t\t\t\t\t\t\t\t<h4 class=\"uagb-post__title uagb-post__text\">\n\t\t\t\t<a href=\"https:\/\/www.kolpingsfamilie-neunkirchen.de\/index.php\/2026\/03\/15\/aenderungen-bei-geburtstagen-und-beerdigungen\/\" target=\"_self\" rel=\"bookmark noopener noreferrer\">\u00c4nderungen bei Geburtstagen und Beerdigungen<\/a>\n\t\t\t<\/h4>\n\t\t\t\t\t\t<div class='uagb-post__text uagb-post-grid-byline'>\n\t\t\t\t\t\t\t\t<time datetime=\"2026-03-15T14:43:35+01:00\" class=\"uagb-post__date\">\n\t\t\t\t<span class=\"dashicons-calendar dashicons\"><\/span>\t\t\t\t\t15. M\u00e4rz 2026\t\t\t\t<\/time>\n\t\t\t\t\t\t<\/div>\n\t\t\t\t\t\t\t<div class='uagb-post__text uagb-post__excerpt'>\n\t\t\t\t\t<p>Liebe Kolpingsbr\u00fcder und -schwestern, liebe Mitglieder, in den vergangenen Jahren wurden in unserer Kolpingsfamilie Geburtstage, Ehejubil\u00e4en und auch Beerdigungen mit gro\u00dfem pers\u00f6nlichem Engagement begleitet. Dieses Engagement war \u00fcber lange Zeit hinweg ein wichtiger Bestandteil unseres Vereinslebens und Ausdruck der Verbundenheit innerhalb unserer Gemeinschaft. Da sich die Organisation dieser Aufgaben k\u00fcnftig&#8230;\t\t\t\t<\/div>\n\t\t\t\t\t\t<div class=\"uagb-post__text uagb-post__cta wp-block-button\">\n\t\t\t\t<a class=\"wp-block-button__link uagb-text-link\" style=\"\" href=\"https:\/\/www.kolpingsfamilie-neunkirchen.de\/index.php\/2026\/03\/15\/aenderungen-bei-geburtstagen-und-beerdigungen\/\" target=\"_self\" rel=\"bookmark noopener noreferrer\">Weiterlesen<\/a>\n\t\t\t<\/div>\n\t\t\t\n\t\t\t\t\t\t\t\t\t<\/article>\n\t\t\t\t\t\t\t\t\t\t\t\t\t\t\t\t<article class=\"uagb-post__inner-wrap\">\t\t\t\t\t\t\t\t<h4 class=\"uagb-post__title uagb-post__text\">\n\t\t\t\t<a href=\"https:\/\/www.kolpingsfamilie-neunkirchen.de\/index.php\/2026\/02\/27\/einladung-zur-jahreshauptversammlung\/\" target=\"_self\" rel=\"bookmark noopener noreferrer\">Einladung zur Jahreshauptversammlung<\/a>\n\t\t\t<\/h4>\n\t\t\t\t\t\t<div class='uagb-post__text uagb-post-grid-byline'>\n\t\t\t\t\t\t\t\t<time datetime=\"2026-02-27T13:42:46+01:00\" class=\"uagb-post__date\">\n\t\t\t\t<span class=\"dashicons-calendar dashicons\"><\/span>\t\t\t\t\t27. Februar 2026\t\t\t\t<\/time>\n\t\t\t\t\t\t<\/div>\n\t\t\t\t\t\t\t<div class='uagb-post__text uagb-post__excerpt'>\n\t\t\t\t\t<p>Liebe Kolpingsschwestern und Br\u00fcder,Herzliche Einladung zu unserer Jahreshauptversammlungam 19. M\u00e4rz 202619:00 Uhr \u2013 Gottesdienst (mit Gedenken der verstorbenen Mitglieder) in St. Michael20:00 Uhr &#8211; Jahreshauptversammlung im Pfarrgemeindehaus Adolph KolpingVorl\u00e4ufige Tagesordnung:- Begr\u00fc\u00dfung- Geist. Einstimmung- Mitglieder-Entwicklung- Rechenschaftsbericht- Kassenbericht \/ -Pr\u00fcfung- Wahlen (stellv. Vorsitzender , Kassier, Schriftf\u00fchrer)- W\u00fcnsche und Antr\u00e4ge- gemeinsames Kolpinglied Deine&#8230;\t\t\t\t<\/div>\n\t\t\t\t\t\t<div class=\"uagb-post__text uagb-post__cta wp-block-button\">\n\t\t\t\t<a class=\"wp-block-button__link uagb-text-link\" style=\"\" href=\"https:\/\/www.kolpingsfamilie-neunkirchen.de\/index.php\/2026\/02\/27\/einladung-zur-jahreshauptversammlung\/\" target=\"_self\" rel=\"bookmark noopener noreferrer\">Weiterlesen<\/a>\n\t\t\t<\/div>\n\t\t\t\n\t\t\t\t\t\t\t\t\t<\/article>\n\t\t\t\t\t\t\t\t\t\t\t\t\t\t\t\t<article class=\"uagb-post__inner-wrap\">\t\t\t\t\t\t\t\t<div class='uagb-post__image'>\n\t\t\t\t\t\t\t\t\t<a href=\"https:\/\/www.kolpingsfamilie-neunkirchen.de\/index.php\/2026\/01\/30\/rueckblick-kolping-theater-2025-26\/\" target=\"_self\" rel=\"bookmark noopener noreferrer\" class='uagb-image-ratio-inherit'><img loading=\"lazy\" decoding=\"async\" width=\"300\" height=\"200\" src=\"https:\/\/www.kolpingsfamilie-neunkirchen.de\/wp-content\/uploads\/2026\/01\/20260104-02011-300x200.jpg\" class=\"attachment-medium size-medium\" alt=\"\" srcset=\"https:\/\/www.kolpingsfamilie-neunkirchen.de\/wp-content\/uploads\/2026\/01\/20260104-02011-300x200.jpg 300w, https:\/\/www.kolpingsfamilie-neunkirchen.de\/wp-content\/uploads\/2026\/01\/20260104-02011-1024x683.jpg 1024w, https:\/\/www.kolpingsfamilie-neunkirchen.de\/wp-content\/uploads\/2026\/01\/20260104-02011-768x512.jpg 768w, https:\/\/www.kolpingsfamilie-neunkirchen.de\/wp-content\/uploads\/2026\/01\/20260104-02011.jpg 1200w\" sizes=\"auto, (max-width: 300px) 100vw, 300px\" \/>\t\t\t\t\t<\/a>\n\t\t\t\t\t\t\t<\/div>\n\t\t\t\t\t\t<h4 class=\"uagb-post__title uagb-post__text\">\n\t\t\t\t<a href=\"https:\/\/www.kolpingsfamilie-neunkirchen.de\/index.php\/2026\/01\/30\/rueckblick-kolping-theater-2025-26\/\" target=\"_self\" rel=\"bookmark noopener noreferrer\">R\u00fcckblick: Kolping-Theater 2025\/26<\/a>\n\t\t\t<\/h4>\n\t\t\t\t\t\t<div class='uagb-post__text uagb-post-grid-byline'>\n\t\t\t\t\t\t\t\t<time datetime=\"2026-01-30T17:27:45+01:00\" class=\"uagb-post__date\">\n\t\t\t\t<span class=\"dashicons-calendar dashicons\"><\/span>\t\t\t\t\t30. Januar 2026\t\t\t\t<\/time>\n\t\t\t\t\t\t<\/div>\n\t\t\t\t\t\t\t<div class='uagb-post__text uagb-post__excerpt'>\n\t\t\t\t\t<p>Erfolgreiche Theatersaison des Kolping-Theaters Neunkirchen am Brand Mit der Kom\u00f6die \u201eDie Sorgen eines B\u00fcrgermeisters\u201c von Ralf Kaspari haben wir als Kolping-Theater der Kolpingsfamilie Neunkirchen am Brand unsere diesj\u00e4hrige Theatersaison erfolgreich abgeschlossen. An insgesamt neun Auff\u00fchrungsterminen im Pfarrgemeindehaus Adolph Kolping durften wir zahlreiche Besucherinnen und Besucher aus Neunkirchen und dem Umland&#8230;\t\t\t\t<\/div>\n\t\t\t\t\t\t<div class=\"uagb-post__text uagb-post__cta wp-block-button\">\n\t\t\t\t<a class=\"wp-block-button__link uagb-text-link\" style=\"\" href=\"https:\/\/www.kolpingsfamilie-neunkirchen.de\/index.php\/2026\/01\/30\/rueckblick-kolping-theater-2025-26\/\" target=\"_self\" rel=\"bookmark noopener noreferrer\">Weiterlesen<\/a>\n\t\t\t<\/div>\n\t\t\t\n\t\t\t\t\t\t\t\t\t<\/article>\n\t\t\t\t\t\t\t\t\t\t\t\t\t\t\t\t<article class=\"uagb-post__inner-wrap\">\t\t\t\t\t\t\t\t<div class='uagb-post__image'>\n\t\t\t\t\t\t\t\t\t<a href=\"https:\/\/www.kolpingsfamilie-neunkirchen.de\/index.php\/2025\/12\/01\/kolpingtheater-2026\/\" target=\"_self\" rel=\"bookmark noopener noreferrer\" class='uagb-image-ratio-inherit'><img loading=\"lazy\" decoding=\"async\" width=\"212\" height=\"300\" src=\"https:\/\/www.kolpingsfamilie-neunkirchen.de\/wp-content\/uploads\/2025\/12\/44d56b98-63df-47e2-8b89-d0aab68075c0-212x300.jpg\" class=\"attachment-medium size-medium\" alt=\"\" srcset=\"https:\/\/www.kolpingsfamilie-neunkirchen.de\/wp-content\/uploads\/2025\/12\/44d56b98-63df-47e2-8b89-d0aab68075c0-212x300.jpg 212w, https:\/\/www.kolpingsfamilie-neunkirchen.de\/wp-content\/uploads\/2025\/12\/44d56b98-63df-47e2-8b89-d0aab68075c0-723x1024.jpg 723w, https:\/\/www.kolpingsfamilie-neunkirchen.de\/wp-content\/uploads\/2025\/12\/44d56b98-63df-47e2-8b89-d0aab68075c0-768x1087.jpg 768w, https:\/\/www.kolpingsfamilie-neunkirchen.de\/wp-content\/uploads\/2025\/12\/44d56b98-63df-47e2-8b89-d0aab68075c0-1085x1536.jpg 1085w, https:\/\/www.kolpingsfamilie-neunkirchen.de\/wp-content\/uploads\/2025\/12\/44d56b98-63df-47e2-8b89-d0aab68075c0.jpg 1130w\" sizes=\"auto, (max-width: 212px) 100vw, 212px\" \/>\t\t\t\t\t<\/a>\n\t\t\t\t\t\t\t<\/div>\n\t\t\t\t\t\t<h4 class=\"uagb-post__title uagb-post__text\">\n\t\t\t\t<a href=\"https:\/\/www.kolpingsfamilie-neunkirchen.de\/index.php\/2025\/12\/01\/kolpingtheater-2026\/\" target=\"_self\" rel=\"bookmark noopener noreferrer\">Kolpingtheater 2026<\/a>\n\t\t\t<\/h4>\n\t\t\t\t\t\t<div class='uagb-post__text uagb-post-grid-byline'>\n\t\t\t\t\t\t\t\t<time datetime=\"2025-12-01T13:16:11+01:00\" class=\"uagb-post__date\">\n\t\t\t\t<span class=\"dashicons-calendar dashicons\"><\/span>\t\t\t\t\t1. Dezember 2025\t\t\t\t<\/time>\n\t\t\t\t\t\t<\/div>\n\t\t\t\t\t\t\t<div class='uagb-post__text uagb-post__excerpt'>\n\t\t\t\t\t<p>Die Laienspielgruppe der Kolpingfamilie Neunkirchen a. Br. zeigt: &#8222;Die Sorgen eines B\u00fcrgermeisters&#8220; Dienstag (Hl. 3 K\u00f6nige)06.01.202615:00 UhrFreitag09.01.202619:30 UhrSamstag10.01.202619:30 UhrSonntag11.01.202615:00 UhrFreitag16.01.202619:30 UhrSamstag17.01.202619:30 UhrSonntag18.01.202615:00 UhrFreitag23.01.202619:30 UhrSamstag24.01.202619:30 Uhr Kurzinformation: Franz hat bei seinem Amtsantritt als B\u00fcrgermeister vor vier Jahren seiner Gemeinde den Bau eines Industriegebiets versprochen. Durch die finanziellen Belastungen muss an allen&#8230;\t\t\t\t<\/div>\n\t\t\t\t\t\t<div class=\"uagb-post__text uagb-post__cta wp-block-button\">\n\t\t\t\t<a class=\"wp-block-button__link uagb-text-link\" style=\"\" href=\"https:\/\/www.kolpingsfamilie-neunkirchen.de\/index.php\/2025\/12\/01\/kolpingtheater-2026\/\" target=\"_self\" rel=\"bookmark noopener noreferrer\">Weiterlesen<\/a>\n\t\t\t<\/div>\n\t\t\t\n\t\t\t\t\t\t\t\t\t<\/article>\n\t\t\t\t\t\t\t\t\t\t\t\t\t\t\t\t<article class=\"uagb-post__inner-wrap\">\t\t\t\t\t\t\t\t<div class='uagb-post__image'>\n\t\t\t\t\t\t\t\t\t<a href=\"https:\/\/www.kolpingsfamilie-neunkirchen.de\/index.php\/2025\/06\/06\/pfarrfest\/\" target=\"_self\" rel=\"bookmark noopener noreferrer\" class='uagb-image-ratio-inherit'><img loading=\"lazy\" decoding=\"async\" width=\"212\" height=\"300\" src=\"https:\/\/www.kolpingsfamilie-neunkirchen.de\/wp-content\/uploads\/2025\/06\/Plakat-Pfarrfest-2025-1-212x300.jpg\" class=\"attachment-medium size-medium\" alt=\"\" srcset=\"https:\/\/www.kolpingsfamilie-neunkirchen.de\/wp-content\/uploads\/2025\/06\/Plakat-Pfarrfest-2025-1-212x300.jpg 212w, https:\/\/www.kolpingsfamilie-neunkirchen.de\/wp-content\/uploads\/2025\/06\/Plakat-Pfarrfest-2025-1-723x1024.jpg 723w, https:\/\/www.kolpingsfamilie-neunkirchen.de\/wp-content\/uploads\/2025\/06\/Plakat-Pfarrfest-2025-1.jpg 763w\" sizes=\"auto, (max-width: 212px) 100vw, 212px\" \/>\t\t\t\t\t<\/a>\n\t\t\t\t\t\t\t<\/div>\n\t\t\t\t\t\t<h4 class=\"uagb-post__title uagb-post__text\">\n\t\t\t\t<a href=\"https:\/\/www.kolpingsfamilie-neunkirchen.de\/index.php\/2025\/06\/06\/pfarrfest\/\" target=\"_self\" rel=\"bookmark noopener noreferrer\">Pfarrfest<\/a>\n\t\t\t<\/h4>\n\t\t\t\t\t\t<div class='uagb-post__text uagb-post-grid-byline'>\n\t\t\t\t\t\t\t\t<time datetime=\"2025-06-06T14:14:50+02:00\" class=\"uagb-post__date\">\n\t\t\t\t<span class=\"dashicons-calendar dashicons\"><\/span>\t\t\t\t\t6. Juni 2025\t\t\t\t<\/time>\n\t\t\t\t\t\t<\/div>\n\t\t\t\t\t\t\t<div class='uagb-post__text uagb-post__excerpt'>\n\t\t\t\t\t<p>EINLADUNG ZUM PFARRFEST Fronleichnam, 19. Juni 2025 8.00 UHR &#8211; EUCHARISTIEFEIER UND PROZESSION anschlie\u00dfend am Pfarrgemeindehaus FR\u00dcHSCHOPPEN AB 15.00 UHR &#8211; PFARRFEST Wir verw\u00f6hnen Sie mit Kaffee und Kuchen, Bratw\u00fcrsten mit Beilagen und Getr\u00e4nken. Wie jedes Jahr bitten wir wieder um Kuchenspenden, die ab 13.00 Uhr im Pfarrgemeindehaus Adolph Kolping&#8230;\t\t\t\t<\/div>\n\t\t\t\t\t\t<div class=\"uagb-post__text uagb-post__cta wp-block-button\">\n\t\t\t\t<a class=\"wp-block-button__link uagb-text-link\" style=\"\" href=\"https:\/\/www.kolpingsfamilie-neunkirchen.de\/index.php\/2025\/06\/06\/pfarrfest\/\" target=\"_self\" rel=\"bookmark noopener noreferrer\">Weiterlesen<\/a>\n\t\t\t<\/div>\n\t\t\t\n\t\t\t\t\t\t\t\t\t<\/article>\n\t\t\t\t\t\t\t\t\t\t\t\t\t\t\t\t<article class=\"uagb-post__inner-wrap\">\t\t\t\t\t\t\t\t<div class='uagb-post__image'>\n\t\t\t\t\t\t\t\t\t<a href=\"https:\/\/www.kolpingsfamilie-neunkirchen.de\/index.php\/2025\/06\/06\/johannisfeuer\/\" target=\"_self\" rel=\"bookmark noopener noreferrer\" class='uagb-image-ratio-inherit'><img loading=\"lazy\" decoding=\"async\" width=\"212\" height=\"300\" src=\"https:\/\/www.kolpingsfamilie-neunkirchen.de\/wp-content\/uploads\/2025\/06\/Plakat-Johannisfeuer-2025-2-212x300.jpg\" class=\"attachment-medium size-medium\" alt=\"\" srcset=\"https:\/\/www.kolpingsfamilie-neunkirchen.de\/wp-content\/uploads\/2025\/06\/Plakat-Johannisfeuer-2025-2-212x300.jpg 212w, https:\/\/www.kolpingsfamilie-neunkirchen.de\/wp-content\/uploads\/2025\/06\/Plakat-Johannisfeuer-2025-2-723x1024.jpg 723w, https:\/\/www.kolpingsfamilie-neunkirchen.de\/wp-content\/uploads\/2025\/06\/Plakat-Johannisfeuer-2025-2.jpg 763w\" sizes=\"auto, (max-width: 212px) 100vw, 212px\" \/>\t\t\t\t\t<\/a>\n\t\t\t\t\t\t\t<\/div>\n\t\t\t\t\t\t<h4 class=\"uagb-post__title uagb-post__text\">\n\t\t\t\t<a href=\"https:\/\/www.kolpingsfamilie-neunkirchen.de\/index.php\/2025\/06\/06\/johannisfeuer\/\" target=\"_self\" rel=\"bookmark noopener noreferrer\">Johannisfeuer<\/a>\n\t\t\t<\/h4>\n\t\t\t\t\t\t<div class='uagb-post__text uagb-post-grid-byline'>\n\t\t\t\t\t\t\t\t<time datetime=\"2025-06-06T14:09:42+02:00\" class=\"uagb-post__date\">\n\t\t\t\t<span class=\"dashicons-calendar dashicons\"><\/span>\t\t\t\t\t6. Juni 2025\t\t\t\t<\/time>\n\t\t\t\t\t\t<\/div>\n\t\t\t\t\t\t\t<div class='uagb-post__text uagb-post__excerpt'>\n\t\t\t\t\t<p>EINLADUNG ZUM JOHANNISFEUER Samstag, 21. Juni 2025 &#8211; ab 18:00 TREFFPUNKT: Auf dem bekannten Grund zwischen dem Erleinhof und Ebersbach Wir laden alle Mitglieder und Freunde unserer Kolpingsfamilie und Kolpingjugend zu unserem Johannisfeuer ein. F\u00fcr Gegrilltes und Getr\u00e4nke ist bestens gesorgt. Wir freuen uns auf einen sch\u00f6nen Abend! Aus Sicherheits-&#8230;\t\t\t\t<\/div>\n\t\t\t\t\t\t<div class=\"uagb-post__text uagb-post__cta wp-block-button\">\n\t\t\t\t<a class=\"wp-block-button__link uagb-text-link\" style=\"\" href=\"https:\/\/www.kolpingsfamilie-neunkirchen.de\/index.php\/2025\/06\/06\/johannisfeuer\/\" target=\"_self\" rel=\"bookmark noopener noreferrer\">Weiterlesen<\/a>\n\t\t\t<\/div>\n\t\t\t\n\t\t\t\t\t\t\t\t\t<\/article>\n\t\t\t\t\t\t\t\t\t\t\t\t\t\t\t\t<article class=\"uagb-post__inner-wrap\">\t\t\t\t\t\t\t\t<h4 class=\"uagb-post__title uagb-post__text\">\n\t\t\t\t<a href=\"https:\/\/www.kolpingsfamilie-neunkirchen.de\/index.php\/2025\/03\/19\/mit-der-kolpingsfamilie-auf-dem-weg-nach-emmaus\/\" target=\"_self\" rel=\"bookmark noopener noreferrer\">Mit der Kolpingsfamilie auf dem Weg nach EMMAUS<\/a>\n\t\t\t<\/h4>\n\t\t\t\t\t\t<div class='uagb-post__text uagb-post-grid-byline'>\n\t\t\t\t\t\t\t\t<time datetime=\"2025-03-19T22:00:00+01:00\" class=\"uagb-post__date\">\n\t\t\t\t<span class=\"dashicons-calendar dashicons\"><\/span>\t\t\t\t\t19. M\u00e4rz 2025\t\t\t\t<\/time>\n\t\t\t\t\t\t<\/div>\n\t\t\t\t\t\t\t<div class='uagb-post__text uagb-post__excerpt'>\n\t\t\t\t\t<p>Am Ostermontag, den 21.04.2025 um 14:00 Uhr Wir treffen uns zum gemeinsamen Start am Pfarrgemeindehaus A. Kolping. Zusammen wollen wir den Spuren der Emmausj\u00fcnger folgen und nachsp\u00fcren. Wir wandern nach Schellenberg, dort werden wir in der Kapelle eine gemeinsame Andacht feiern und im Anschluss im Gasthaus \u201eZum Schellenberg\u201c einkehren. Auch&#8230;\t\t\t\t<\/div>\n\t\t\t\t\t\t<div class=\"uagb-post__text uagb-post__cta wp-block-button\">\n\t\t\t\t<a class=\"wp-block-button__link uagb-text-link\" style=\"\" href=\"https:\/\/www.kolpingsfamilie-neunkirchen.de\/index.php\/2025\/03\/19\/mit-der-kolpingsfamilie-auf-dem-weg-nach-emmaus\/\" target=\"_self\" rel=\"bookmark noopener noreferrer\">Weiterlesen<\/a>\n\t\t\t<\/div>\n\t\t\t\n\t\t\t\t\t\t\t\t\t<\/article>\n\t\t\t\t\t\t\t\t\t\t\t\t\t\t\t\t<article class=\"uagb-post__inner-wrap\">\t\t\t\t\t\t\t\t<h4 class=\"uagb-post__title uagb-post__text\">\n\t\t\t\t<a href=\"https:\/\/www.kolpingsfamilie-neunkirchen.de\/index.php\/2025\/02\/19\/einladung-zur-jahreshauptversammlung-2023\/\" target=\"_self\" rel=\"bookmark noopener noreferrer\">Einladung zur Jahreshauptversammlung 2025<\/a>\n\t\t\t<\/h4>\n\t\t\t\t\t\t<div class='uagb-post__text uagb-post-grid-byline'>\n\t\t\t\t\t\t\t\t<time datetime=\"2025-02-19T13:53:00+01:00\" class=\"uagb-post__date\">\n\t\t\t\t<span class=\"dashicons-calendar dashicons\"><\/span>\t\t\t\t\t19. Februar 2025\t\t\t\t<\/time>\n\t\t\t\t\t\t<\/div>\n\t\t\t\t\t\t\t<div class='uagb-post__text uagb-post__excerpt'>\n\t\t\t\t\t<p>Am 19. M\u00e4rz findet unsere j\u00e4hrliche Mitgliederversammlung \/ Jahrshauptversammlung statt. Hierzu ergeht herzliche Einaldung. Weitere Informationen findest du unter nachfolgendem Link weitere Informationen zur Jahreshauptversammlung Es gr\u00fc\u00dft Euch mit einem herzlichen \u201eTreu Kolping\u201c EuerMarkus R\u00f6del Vorsitzender<\/p>\n\t\t\t\t<\/div>\n\t\t\t\t\t\t<div class=\"uagb-post__text uagb-post__cta wp-block-button\">\n\t\t\t\t<a class=\"wp-block-button__link uagb-text-link\" style=\"\" href=\"https:\/\/www.kolpingsfamilie-neunkirchen.de\/index.php\/2025\/02\/19\/einladung-zur-jahreshauptversammlung-2023\/\" target=\"_self\" rel=\"bookmark noopener noreferrer\">Weiterlesen<\/a>\n\t\t\t<\/div>\n\t\t\t\n\t\t\t\t\t\t\t\t\t<\/article>\n\t\t\t\t\t\t\t\t\t\t\t\t\t\t\t\t<article class=\"uagb-post__inner-wrap\">\t\t\t\t\t\t\t\t<h4 class=\"uagb-post__title uagb-post__text\">\n\t\t\t\t<a href=\"https:\/\/www.kolpingsfamilie-neunkirchen.de\/index.php\/2025\/01\/30\/waehlbar-2025\/\" target=\"_self\" rel=\"bookmark noopener noreferrer\">W\u00e4hlBar 2025<\/a>\n\t\t\t<\/h4>\n\t\t\t\t\t\t<div class='uagb-post__text uagb-post-grid-byline'>\n\t\t\t\t\t\t\t\t<time datetime=\"2025-01-30T09:48:35+01:00\" class=\"uagb-post__date\">\n\t\t\t\t<span class=\"dashicons-calendar dashicons\"><\/span>\t\t\t\t\t30. Januar 2025\t\t\t\t<\/time>\n\t\t\t\t\t\t<\/div>\n\t\t\t\t\t\t\t<div class='uagb-post__text uagb-post__excerpt'>\n\t\t\t\t\t<p>Die Kolpingsfamilie Neunkirchen a. Brand l\u00e4dt ein zur W\u00e4hlBAR 2025 Am Mittwoch den 12. Februar 2025 um 19:00 Uhr in das Pfarrgemeindehaus A. Kolping Gr\u00e4fenberger Str. 2. Mit dabei sind die beiden Bundestagsabgeordneten Andreas Schwarz (SPD) und Thomas Silberhorn (CSU). Beide sind bereits seit vielen Jahren im Bundestag und hatten&#8230;\t\t\t\t<\/div>\n\t\t\t\t\t\t<div class=\"uagb-post__text uagb-post__cta wp-block-button\">\n\t\t\t\t<a class=\"wp-block-button__link uagb-text-link\" style=\"\" href=\"https:\/\/www.kolpingsfamilie-neunkirchen.de\/index.php\/2025\/01\/30\/waehlbar-2025\/\" target=\"_self\" rel=\"bookmark noopener noreferrer\">Weiterlesen<\/a>\n\t\t\t<\/div>\n\t\t\t\n\t\t\t\t\t\t\t\t\t<\/article>\n\t\t\t\t\t\t\t\t\t\t\t\t\t\t\t\t<article class=\"uagb-post__inner-wrap\">\t\t\t\t\t\t\t\t<h4 class=\"uagb-post__title uagb-post__text\">\n\t\t\t\t<a href=\"https:\/\/www.kolpingsfamilie-neunkirchen.de\/index.php\/2025\/01\/04\/kolpingtheater-2025\/\" target=\"_self\" rel=\"bookmark noopener noreferrer\">Kolpingtheater 2025<\/a>\n\t\t\t<\/h4>\n\t\t\t\t\t\t<div class='uagb-post__text uagb-post-grid-byline'>\n\t\t\t\t\t\t\t\t<time datetime=\"2025-01-04T10:52:40+01:00\" class=\"uagb-post__date\">\n\t\t\t\t<span class=\"dashicons-calendar dashicons\"><\/span>\t\t\t\t\t4. Januar 2025\t\t\t\t<\/time>\n\t\t\t\t\t\t<\/div>\n\t\t\t\t\t\t\t<div class='uagb-post__text uagb-post__excerpt'>\n\t\t\t\t\t<p>Die Laienspielgruppe der Kolpingfamilie Neunkirchen a. Br. zeigt: &#8222;Der Enkeltrickbetrug&#8220; Samstag04.01.202519:30 UhrSonntag05.01.202515:00 Uhr und 19:30 UhrMontag (Hl. 3 K\u00f6nige)06.01.202515:00 UhrFreitag10.01.202519:30 UhrSamstag11.01.202519:30 UhrSonntag12.01.202515:00 UhrFreitag17.01.202419:30 UhrSamstag18.01.202519:30 Uhr Kurzinformation: Peter ist das sprichw\u00f6rtliche Mutters\u00f6hnchen und zu feige, seiner Mutter zu gestehen, dass er l\u00e4ngst eine uneheliche Tochter hat. Diese ist inzwischen erwachsen und&#8230;\t\t\t\t<\/div>\n\t\t\t\t\t\t<div class=\"uagb-post__text uagb-post__cta wp-block-button\">\n\t\t\t\t<a class=\"wp-block-button__link uagb-text-link\" style=\"\" href=\"https:\/\/www.kolpingsfamilie-neunkirchen.de\/index.php\/2025\/01\/04\/kolpingtheater-2025\/\" target=\"_self\" rel=\"bookmark noopener noreferrer\">Weiterlesen<\/a>\n\t\t\t<\/div>\n\t\t\t\n\t\t\t\t\t\t\t\t\t<\/article>\n\t\t\t\t\t\t\t\t\t\t\t\t\t\t\t\t<article class=\"uagb-post__inner-wrap\">\t\t\t\t\t\t\t\t<h4 class=\"uagb-post__title uagb-post__text\">\n\t\t\t\t<a href=\"https:\/\/www.kolpingsfamilie-neunkirchen.de\/index.php\/2024\/02\/01\/einladung-zur-jahreshauptversammlung-2024\/\" target=\"_self\" rel=\"bookmark noopener noreferrer\">VERSCHOBEN | Jahreshauptversammlung 2024<\/a>\n\t\t\t<\/h4>\n\t\t\t\t\t\t<div class='uagb-post__text uagb-post-grid-byline'>\n\t\t\t\t\t\t\t\t<time datetime=\"2024-02-01T12:00:00+01:00\" class=\"uagb-post__date\">\n\t\t\t\t<span class=\"dashicons-calendar dashicons\"><\/span>\t\t\t\t\t1. Februar 2024\t\t\t\t<\/time>\n\t\t\t\t\t\t<\/div>\n\t\t\t\t\t\t\t<div class='uagb-post__text uagb-post__excerpt'>\n\t\t\t\t\t<p>ACHTUNG Die Jahreshauptversammlung muss verschoben werden und findet NICHT am 11. M\u00e4rz statt. Neuer Termin 29.04. um 20:00 Uhr im Pfarrgemeindehaus A. Kolping weitere Informationen zur Jahreshauptversammlung Es gr\u00fc\u00dft Euch mit einem herzlichen \u201eTreu Kolping\u201c EuerRainer Obermeier Vorsitzender<\/p>\n\t\t\t\t<\/div>\n\t\t\t\t\t\t<div class=\"uagb-post__text uagb-post__cta wp-block-button\">\n\t\t\t\t<a class=\"wp-block-button__link uagb-text-link\" style=\"\" href=\"https:\/\/www.kolpingsfamilie-neunkirchen.de\/index.php\/2024\/02\/01\/einladung-zur-jahreshauptversammlung-2024\/\" target=\"_self\" rel=\"bookmark noopener noreferrer\">Weiterlesen<\/a>\n\t\t\t<\/div>\n\t\t\t\n\t\t\t\t\t\t\t\t\t<\/article>\n\t\t\t\t\t\t\t\t\t\t\t\t\t\t\t\t<article class=\"uagb-post__inner-wrap\">\t\t\t\t\t\t\t\t<h4 class=\"uagb-post__title uagb-post__text\">\n\t\t\t\t<a href=\"https:\/\/www.kolpingsfamilie-neunkirchen.de\/index.php\/2022\/04\/27\/einladung-zur-jahreshauptversammlung-2021-2022\/\" target=\"_self\" rel=\"bookmark noopener noreferrer\">Einladung zur Jahreshauptversammlung 2021\/2022<\/a>\n\t\t\t<\/h4>\n\t\t\t\t\t\t<div class='uagb-post__text uagb-post-grid-byline'>\n\t\t\t\t\t\t\t\t<time datetime=\"2022-04-27T16:58:00+02:00\" class=\"uagb-post__date\">\n\t\t\t\t<span class=\"dashicons-calendar dashicons\"><\/span>\t\t\t\t\t27. April 2022\t\t\t\t<\/time>\n\t\t\t\t\t\t<\/div>\n\t\t\t\t\t\t\t<div class='uagb-post__text uagb-post__excerpt'>\n\t\t\t\t\t<p>Herzliche Einladung der Kolpingsfamilie St. Josef Neunkirchen am Brand am Mittwoch, den 18. Mai 2022 19:00 Uhr&nbsp;&nbsp;&nbsp;&nbsp;Gottesdienst mit Pr\u00e4ses Pfr. Joachim Cibura f\u00fcr die lebenden und verstorbenen Mitglieder unserer Kolpingsfamilie 20:00 Uhr im Pfarrgemeindehaus Adolph Kolping: Jahreshauptversammlung 2021\/2022 Tagesordnung: Begr\u00fc\u00dfungGru\u00dfwort unseres Pr\u00e4ses Joachim CiburaVorstellung neuer Mitglieder, EhrungenBericht des VorsitzendenKassenbericht, Bericht&#8230;\t\t\t\t<\/div>\n\t\t\t\t\t\t<div class=\"uagb-post__text uagb-post__cta wp-block-button\">\n\t\t\t\t<a class=\"wp-block-button__link uagb-text-link\" style=\"\" href=\"https:\/\/www.kolpingsfamilie-neunkirchen.de\/index.php\/2022\/04\/27\/einladung-zur-jahreshauptversammlung-2021-2022\/\" target=\"_self\" rel=\"bookmark noopener noreferrer\">Weiterlesen<\/a>\n\t\t\t<\/div>\n\t\t\t\n\t\t\t\t\t\t\t\t\t<\/article>\n\t\t\t\t\t\t\t\t\t\t\t\t\t\t\t\t<article class=\"uagb-post__inner-wrap\">\t\t\t\t\t\t\t\t<h4 class=\"uagb-post__title uagb-post__text\">\n\t\t\t\t<a href=\"https:\/\/www.kolpingsfamilie-neunkirchen.de\/index.php\/2021\/08\/25\/einladung-zur-jahreshauptversammlung-2020-2021\/\" target=\"_self\" rel=\"bookmark noopener noreferrer\">Einladung zur Jahreshauptversammlung 2020\/2021<\/a>\n\t\t\t<\/h4>\n\t\t\t\t\t\t<div class='uagb-post__text uagb-post-grid-byline'>\n\t\t\t\t\t\t\t\t<time datetime=\"2021-08-25T18:30:00+02:00\" class=\"uagb-post__date\">\n\t\t\t\t<span class=\"dashicons-calendar dashicons\"><\/span>\t\t\t\t\t25. August 2021\t\t\t\t<\/time>\n\t\t\t\t\t\t<\/div>\n\t\t\t\t\t\t\t<div class='uagb-post__text uagb-post__excerpt'>\n\t\t\t\t\t<p>ACHTUNG: Aufgrund der aktuellen Corona-Regelung erfolgt der Einlass unter Beachtung der 3G-Regeln. Bitte denkt also an Impf-, Test-, oder Genesenen-Nachweis. Am Eingang werden sowohl der 3G-Status, als auch die Kontaktdaten erfasst. Herzliche Einladung der Kolpingsfamilie St. Josef Neunkirchen am Brand am Dienstag, den 07. September 2021 19:00 Uhr&nbsp;&nbsp;&nbsp;&nbsp;Gottesdienst mit Pr\u00e4ses&#8230;\t\t\t\t<\/div>\n\t\t\t\t\t\t<div class=\"uagb-post__text uagb-post__cta wp-block-button\">\n\t\t\t\t<a class=\"wp-block-button__link uagb-text-link\" style=\"\" href=\"https:\/\/www.kolpingsfamilie-neunkirchen.de\/index.php\/2021\/08\/25\/einladung-zur-jahreshauptversammlung-2020-2021\/\" target=\"_self\" rel=\"bookmark noopener noreferrer\">Weiterlesen<\/a>\n\t\t\t<\/div>\n\t\t\t\n\t\t\t\t\t\t\t\t\t<\/article>\n\t\t\t\t\t\t\t\t\t\t\t\t\t\t\t\t<article class=\"uagb-post__inner-wrap\">\t\t\t\t\t\t\t\t<h4 class=\"uagb-post__title uagb-post__text\">\n\t\t\t\t<a href=\"https:\/\/www.kolpingsfamilie-neunkirchen.de\/index.php\/2021\/08\/25\/grusswort-aus-unserem-programmheft-2020-ii\/\" target=\"_self\" rel=\"bookmark noopener noreferrer\">Gru\u00dfwort aus unserem Programmheft (2020-II)<\/a>\n\t\t\t<\/h4>\n\t\t\t\t\t\t<div class='uagb-post__text uagb-post-grid-byline'>\n\t\t\t\t\t\t\t\t<time datetime=\"2021-08-25T18:24:32+02:00\" class=\"uagb-post__date\">\n\t\t\t\t<span class=\"dashicons-calendar dashicons\"><\/span>\t\t\t\t\t25. August 2021\t\t\t\t<\/time>\n\t\t\t\t\t\t<\/div>\n\t\t\t\t\t\t\t<div class='uagb-post__text uagb-post__excerpt'>\n\t\t\t\t\t<p>ein Virus hat unser Leben beeinflusst und wird es noch weiterhin beeinflussen! Nach Monaten des Stillstands normalisieren sich unser Leben und unser Alltag, zumindest langsam und teilweise, wieder. Aber wir k\u00f6nnen vieles nicht mehr einfach so fortf\u00fchren, wie wir es gewohnt waren. Deshalb hat die Vorstandschaft beschlossen \u2013 zun\u00e4chst bis&#8230;\t\t\t\t<\/div>\n\t\t\t\t\t\t<div class=\"uagb-post__text uagb-post__cta wp-block-button\">\n\t\t\t\t<a class=\"wp-block-button__link uagb-text-link\" style=\"\" href=\"https:\/\/www.kolpingsfamilie-neunkirchen.de\/index.php\/2021\/08\/25\/grusswort-aus-unserem-programmheft-2020-ii\/\" target=\"_self\" rel=\"bookmark noopener noreferrer\">Weiterlesen<\/a>\n\t\t\t<\/div>\n\t\t\t\n\t\t\t\t\t\t\t\t\t<\/article>\n\t\t\t\t\t\t\t\t\t\t\t\t\t\t\t\t<article class=\"uagb-post__inner-wrap\">\t\t\t\t\t\t\t\t<h4 class=\"uagb-post__title uagb-post__text\">\n\t\t\t\t<a href=\"https:\/\/www.kolpingsfamilie-neunkirchen.de\/index.php\/2020\/03\/19\/corona-informationen\/\" target=\"_self\" rel=\"bookmark noopener noreferrer\">CORONA-INFORMATIONEN<\/a>\n\t\t\t<\/h4>\n\t\t\t\t\t\t<div class='uagb-post__text uagb-post-grid-byline'>\n\t\t\t\t\t\t\t\t<time datetime=\"2020-03-19T20:14:14+01:00\" class=\"uagb-post__date\">\n\t\t\t\t<span class=\"dashicons-calendar dashicons\"><\/span>\t\t\t\t\t19. M\u00e4rz 2020\t\t\t\t<\/time>\n\t\t\t\t\t\t<\/div>\n\t\t\t\t\t\t\t<div class='uagb-post__text uagb-post__excerpt'>\n\t\t\t\t\t<p>Liebe Mitglieder und Freunde unserer Kolpingsfamilie, aufgrund der aktuellen,\u00a0immer dramatischer werdenden Infektionslage und der Empfehlungen der Bayer. Staatsregierung und des Erzbistums Bamberg, wird das gesamte Programm\u00a0unserer Kolpingsfamilie\u00a0bis auf weiteres abgesetzt. Wir w\u00fcnschen Ihnen alles Gute, bleiben Sie gesund! Passen Sie auf sich auf! Ihre Kolpingsfamilie<\/p>\n\t\t\t\t<\/div>\n\t\t\t\t\t\t<div class=\"uagb-post__text uagb-post__cta wp-block-button\">\n\t\t\t\t<a class=\"wp-block-button__link uagb-text-link\" style=\"\" href=\"https:\/\/www.kolpingsfamilie-neunkirchen.de\/index.php\/2020\/03\/19\/corona-informationen\/\" target=\"_self\" rel=\"bookmark noopener noreferrer\">Weiterlesen<\/a>\n\t\t\t<\/div>\n\t\t\t\n\t\t\t\t\t\t\t\t\t<\/article>\n\t\t\t\t\t\t\t\t\t\t\t\t\t\t\t\t<article class=\"uagb-post__inner-wrap\">\t\t\t\t\t\t\t\t<h4 class=\"uagb-post__title uagb-post__text\">\n\t\t\t\t<a href=\"https:\/\/www.kolpingsfamilie-neunkirchen.de\/index.php\/2020\/03\/12\/jahreshauptversammlung-2020-abgesagt\/\" target=\"_self\" rel=\"bookmark noopener noreferrer\">Jahreshauptversammlung 2020 &#8211; abgesagt<\/a>\n\t\t\t<\/h4>\n\t\t\t\t\t\t<div class='uagb-post__text uagb-post-grid-byline'>\n\t\t\t\t\t\t\t\t<time datetime=\"2020-03-12T12:49:42+01:00\" class=\"uagb-post__date\">\n\t\t\t\t<span class=\"dashicons-calendar dashicons\"><\/span>\t\t\t\t\t12. M\u00e4rz 2020\t\t\t\t<\/time>\n\t\t\t\t\t\t<\/div>\n\t\t\t\t\t\t\t<div class='uagb-post__text uagb-post__excerpt'>\n\t\t\t\t\t<p>Liebe Kolpingsbr\u00fcder und -Schwestern, aufgrund der aktuellen Entwicklungen, haben wir uns, in Absprache mit unserem Pr\u00e4ses, dazu entschieden, die Jahreshauptversammlung am 19. M\u00e4rz abzusagen. Der Gottesdienst um 19 Uhr findet statt. Lasst uns in der aktuellen Lage im Sinne unseres Gr\u00fcndervaters Adolph Kolping, besonnen und sozial handeln und helfen. Treu&#8230;\t\t\t\t<\/div>\n\t\t\t\t\t\t<div class=\"uagb-post__text uagb-post__cta wp-block-button\">\n\t\t\t\t<a class=\"wp-block-button__link uagb-text-link\" style=\"\" href=\"https:\/\/www.kolpingsfamilie-neunkirchen.de\/index.php\/2020\/03\/12\/jahreshauptversammlung-2020-abgesagt\/\" target=\"_self\" rel=\"bookmark noopener noreferrer\">Weiterlesen<\/a>\n\t\t\t<\/div>\n\t\t\t\n\t\t\t\t\t\t\t\t\t<\/article>\n\t\t\t\t\t\t\t\t\t\t\t\t\t\t\t\t<article class=\"uagb-post__inner-wrap\">\t\t\t\t\t\t\t\t<h4 class=\"uagb-post__title uagb-post__text\">\n\t\t\t\t<a href=\"https:\/\/www.kolpingsfamilie-neunkirchen.de\/index.php\/2020\/02\/16\/kinderfasching\/\" target=\"_self\" rel=\"bookmark noopener noreferrer\">Kinderfasching<\/a>\n\t\t\t<\/h4>\n\t\t\t\t\t\t<div class='uagb-post__text uagb-post-grid-byline'>\n\t\t\t\t\t\t\t\t<time datetime=\"2020-02-16T13:54:45+01:00\" class=\"uagb-post__date\">\n\t\t\t\t<span class=\"dashicons-calendar dashicons\"><\/span>\t\t\t\t\t16. Februar 2020\t\t\t\t<\/time>\n\t\t\t\t\t\t<\/div>\n\t\t\t\t\t\t\t<div class='uagb-post__text uagb-post__excerpt'>\n\t\t\t\t\t<p>Auch heuer veranstaltet die Kolpingjugend wieder ihren beliebten Kinderfasching! Hier gehts zum Veranstaltungskalender<\/p>\n\t\t\t\t<\/div>\n\t\t\t\t\t\t<div class=\"uagb-post__text uagb-post__cta wp-block-button\">\n\t\t\t\t<a class=\"wp-block-button__link uagb-text-link\" style=\"\" href=\"https:\/\/www.kolpingsfamilie-neunkirchen.de\/index.php\/2020\/02\/16\/kinderfasching\/\" target=\"_self\" rel=\"bookmark noopener noreferrer\">Weiterlesen<\/a>\n\t\t\t<\/div>\n\t\t\t\n\t\t\t\t\t\t\t\t\t<\/article>\n\t\t\t\t\t\t\t\t\t\t\t\t\t\t\t\t<article class=\"uagb-post__inner-wrap\">\t\t\t\t\t\t\t\t<h4 class=\"uagb-post__title uagb-post__text\">\n\t\t\t\t<a href=\"https:\/\/www.kolpingsfamilie-neunkirchen.de\/index.php\/2020\/02\/16\/1304\/\" target=\"_self\" rel=\"bookmark noopener noreferrer\">W\u00e4hlBar 2020<\/a>\n\t\t\t<\/h4>\n\t\t\t\t\t\t<div class='uagb-post__text uagb-post-grid-byline'>\n\t\t\t\t\t\t\t\t<time datetime=\"2020-02-16T12:56:44+01:00\" class=\"uagb-post__date\">\n\t\t\t\t<span class=\"dashicons-calendar dashicons\"><\/span>\t\t\t\t\t16. Februar 2020\t\t\t\t<\/time>\n\t\t\t\t\t\t<\/div>\n\t\t\t\t\t\t\t<div class='uagb-post__text uagb-post__excerpt'>\n\t\t\t\t\t<p>Die Kolpingsfamilie veranstaltet zur Kommunalwahl wieder eine Podiumsdiskussion unter dem Motto &#8222;W\u00e4hlBar&#8220;. Unsere W\u00e4hlBar soll so wohl die M\u00f6glichkeit bieten, f\u00fcr sich zu kl\u00e4ren wer den &#8222;w\u00e4hlbar&#8220; ist, aber auch im wahrsten Sinne des Wortes erm\u00f6glichen mit dem ein oder anderen Kandidaten an unserer W\u00e4hlBar bei einem Getr\u00e4nk Themen zu&#8230;\t\t\t\t<\/div>\n\t\t\t\t\t\t<div class=\"uagb-post__text uagb-post__cta wp-block-button\">\n\t\t\t\t<a class=\"wp-block-button__link uagb-text-link\" style=\"\" href=\"https:\/\/www.kolpingsfamilie-neunkirchen.de\/index.php\/2020\/02\/16\/1304\/\" target=\"_self\" rel=\"bookmark noopener noreferrer\">Weiterlesen<\/a>\n\t\t\t<\/div>\n\t\t\t\n\t\t\t\t\t\t\t\t\t<\/article>\n\t\t\t\t\t\t\t\t\t\t\t\t\t\t\t\t<article class=\"uagb-post__inner-wrap\">\t\t\t\t\t\t\t\t<h4 class=\"uagb-post__title uagb-post__text\">\n\t\t\t\t<a href=\"https:\/\/www.kolpingsfamilie-neunkirchen.de\/index.php\/2020\/02\/16\/bildergalerie-70-jubilaeum-der-kolpingsfamilie-neunkirchen\/\" target=\"_self\" rel=\"bookmark noopener noreferrer\">Bildergalerie: 70. Jubil\u00e4um der Kolpingsfamilie Neunkirchen<\/a>\n\t\t\t<\/h4>\n\t\t\t\t\t\t<div class='uagb-post__text uagb-post-grid-byline'>\n\t\t\t\t\t\t\t\t<time datetime=\"2020-02-16T11:37:25+01:00\" class=\"uagb-post__date\">\n\t\t\t\t<span class=\"dashicons-calendar dashicons\"><\/span>\t\t\t\t\t16. Februar 2020\t\t\t\t<\/time>\n\t\t\t\t\t\t<\/div>\n\t\t\t\t\t\t\t<div class='uagb-post__text uagb-post__excerpt'>\n\t\t\t\t\t<p>Eine Bildergalerie mit einigen Eindr\u00fccken unseres Jubil\u00e4ums vom 27.10.2019 ist online. Zur Galerie<\/p>\n\t\t\t\t<\/div>\n\t\t\t\t\t\t<div class=\"uagb-post__text uagb-post__cta wp-block-button\">\n\t\t\t\t<a class=\"wp-block-button__link uagb-text-link\" style=\"\" href=\"https:\/\/www.kolpingsfamilie-neunkirchen.de\/index.php\/2020\/02\/16\/bildergalerie-70-jubilaeum-der-kolpingsfamilie-neunkirchen\/\" target=\"_self\" rel=\"bookmark noopener noreferrer\">Weiterlesen<\/a>\n\t\t\t<\/div>\n\t\t\t\n\t\t\t\t\t\t\t\t\t<\/article>\n\t\t\t\t\t\t\t\t\t\t\t\t\t\t\t\t<article class=\"uagb-post__inner-wrap\">\t\t\t\t\t\t\t\t<h4 class=\"uagb-post__title uagb-post__text\">\n\t\t\t\t<a href=\"https:\/\/www.kolpingsfamilie-neunkirchen.de\/index.php\/2020\/02\/16\/grusswort-aus-dem-aktuellen-programmheft\/\" target=\"_self\" rel=\"bookmark noopener noreferrer\">Gru\u00dfwort aus unserem Programmheft (2020-I)<\/a>\n\t\t\t<\/h4>\n\t\t\t\t\t\t<div class='uagb-post__text uagb-post-grid-byline'>\n\t\t\t\t\t\t\t\t<time datetime=\"2020-02-16T11:17:06+01:00\" class=\"uagb-post__date\">\n\t\t\t\t<span class=\"dashicons-calendar dashicons\"><\/span>\t\t\t\t\t16. Februar 2020\t\t\t\t<\/time>\n\t\t\t\t\t\t<\/div>\n\t\t\t\t\t\t\t<div class='uagb-post__text uagb-post__excerpt'>\n\t\t\t\t\t<p>Liebe Kolpingschwestern, liebe Kolpingbr\u00fcder, nach der gro\u00dfen Geburtstagsfeier am 27. Oktober ist wieder der normale Alltag eingekehrt. Aber was ist schon \u201eAlltag\u201c! Bei uns in der Kolpingsfamilie ist jeder Tag ein besonderer Tag und es wird st\u00e4ndig etwas Neues, Interessantes (an-)geboten. So auch im Jahre 2020. Wir bieten neben den&#8230;\t\t\t\t<\/div>\n\t\t\t\t\t\t<div class=\"uagb-post__text uagb-post__cta wp-block-button\">\n\t\t\t\t<a class=\"wp-block-button__link uagb-text-link\" style=\"\" href=\"https:\/\/www.kolpingsfamilie-neunkirchen.de\/index.php\/2020\/02\/16\/grusswort-aus-dem-aktuellen-programmheft\/\" target=\"_self\" rel=\"bookmark noopener noreferrer\">Weiterlesen<\/a>\n\t\t\t<\/div>\n\t\t\t\n\t\t\t\t\t\t\t\t\t<\/article>\n\t\t\t\t\t\t\t\t\t\t\t\t\t\t\t\t<article class=\"uagb-post__inner-wrap\">\t\t\t\t\t\t\t\t<h4 class=\"uagb-post__title uagb-post__text\">\n\t\t\t\t<a href=\"https:\/\/www.kolpingsfamilie-neunkirchen.de\/index.php\/2019\/02\/12\/grusswort-aus-unserem-aktuellen-programmheft\/\" target=\"_self\" rel=\"bookmark noopener noreferrer\">Gru\u00dfwort aus unserem Programmheft (2019-II)<\/a>\n\t\t\t<\/h4>\n\t\t\t\t\t\t<div class='uagb-post__text uagb-post-grid-byline'>\n\t\t\t\t\t\t\t\t<time datetime=\"2019-02-12T13:59:48+01:00\" class=\"uagb-post__date\">\n\t\t\t\t<span class=\"dashicons-calendar dashicons\"><\/span>\t\t\t\t\t12. Februar 2019\t\t\t\t<\/time>\n\t\t\t\t\t\t<\/div>\n\t\t\t\t\t\t\t<div class='uagb-post__text uagb-post__excerpt'>\n\t\t\t\t\t<p>Liebe Kolpingsschwestern und -br\u00fcder, liebe Homepage-Besucher, unsere Kolpingsfamilie wird am 19. M\u00e4rz 2019 70 Jahre alt. Wir werden dieses Jubil\u00e4um am Josefstag bei unserer Jahreshauptversammlung geb\u00fchrend feiern und an den Gr\u00fcndungstag im Jahre 1949 erinnern. In den vergangenen 70 Jahren wuchs unsere Kolpingsfamilie kontinuierlich und ist z.Zt. mit knapp unter&#8230;\t\t\t\t<\/div>\n\t\t\t\t\t\t<div class=\"uagb-post__text uagb-post__cta wp-block-button\">\n\t\t\t\t<a class=\"wp-block-button__link uagb-text-link\" style=\"\" href=\"https:\/\/www.kolpingsfamilie-neunkirchen.de\/index.php\/2019\/02\/12\/grusswort-aus-unserem-aktuellen-programmheft\/\" target=\"_self\" rel=\"bookmark noopener noreferrer\">Weiterlesen<\/a>\n\t\t\t<\/div>\n\t\t\t\n\t\t\t\t\t\t\t\t\t<\/article>\n\t\t\t\t\t\t\t\t\t\t\t\t\t\t\t\t<article class=\"uagb-post__inner-wrap\">\t\t\t\t\t\t\t\t<h4 class=\"uagb-post__title uagb-post__text\">\n\t\t\t\t<a href=\"https:\/\/www.kolpingsfamilie-neunkirchen.de\/index.php\/2019\/02\/08\/hello-world\/\" target=\"_self\" rel=\"bookmark noopener noreferrer\">Hallo Liebe Website-Besucher<\/a>\n\t\t\t<\/h4>\n\t\t\t\t\t\t<div class='uagb-post__text uagb-post-grid-byline'>\n\t\t\t\t\t\t\t\t<time datetime=\"2019-02-08T19:59:29+01:00\" class=\"uagb-post__date\">\n\t\t\t\t<span class=\"dashicons-calendar dashicons\"><\/span>\t\t\t\t\t8. Februar 2019\t\t\t\t<\/time>\n\t\t\t\t\t\t<\/div>\n\t\t\t\t\t\t\t<div class='uagb-post__text uagb-post__excerpt'>\n\t\t\t\t\t<p>Hier entsteht die neue Homepage der Kolpingsfamilie Neunkirchen am Brand. In K\u00fcrze gibt es hier die neuesten Termine und Veranstaltungen unserer Kolpingsfamilie, sowie einen Einblick in unser &#8222;Familienleben&#8220;<\/p>\n\t\t\t\t<\/div>\n\t\t\t\t\t\t<div class=\"uagb-post__text uagb-post__cta wp-block-button\">\n\t\t\t\t<a class=\"wp-block-button__link uagb-text-link\" style=\"\" href=\"https:\/\/www.kolpingsfamilie-neunkirchen.de\/index.php\/2019\/02\/08\/hello-world\/\" target=\"_self\" rel=\"bookmark noopener noreferrer\">Weiterlesen<\/a>\n\t\t\t<\/div>\n\t\t\t\n\t\t\t\t\t\t\t\t\t<\/article>\n\t\t\t\t\t\t\t\t\t\t\t<\/div>\n\t\t\t","protected":false},"excerpt":{"rendered":"","protected":false},"author":1,"featured_media":0,"parent":0,"menu_order":0,"comment_status":"closed","ping_status":"closed","template":"","meta":{"_editorskit_title_hidden":false,"_editorskit_reading_time":1,"_editorskit_is_block_options_detached":false,"_editorskit_block_options_position":"{}","_uag_custom_page_level_css":"","_EventAllDay":false,"_EventTimezone":"","_EventStartDate":"","_EventEndDate":"","_EventStartDateUTC":"","_EventEndDateUTC":"","_EventShowMap":false,"_EventShowMapLink":false,"_EventURL":"","_EventCost":"","_EventCostDescription":"","_EventCurrencySymbol":"","_EventCurrencyCode":"","_EventCurrencyPosition":"","_EventDateTimeSeparator":"","_EventTimeRangeSeparator":"","_EventOrganizerID":[],"_EventVenueID":[0],"_OrganizerEmail":"","_OrganizerPhone":"","_OrganizerWebsite":"","_VenueAddress":"","_VenueCity":"","_VenueCountry":"","_VenueProvince":"","_VenueState":"","_VenueZip":"","_VenuePhone":"","_VenueURL":"","_VenueStateProvince":"","_VenueLat":"","_VenueLng":"","_VenueShowMap":false,"_VenueShowMapLink":false,"footnotes":""},"class_list":["post-1423","page","type-page","status-publish","hentry"],"uagb_featured_image_src":{"full":false,"thumbnail":false,"medium":false,"medium_large":false,"large":false,"1536x1536":false,"2048x2048":false,"reveal-homepage-thumb":false},"uagb_author_info":{"display_name":"markus","author_link":"https:\/\/www.kolpingsfamilie-neunkirchen.de\/index.php\/author\/markus\/"},"uagb_comment_info":0,"uagb_excerpt":null,"_links":{"self":[{"href":"https:\/\/www.kolpingsfamilie-neunkirchen.de\/index.php\/wp-json\/wp\/v2\/pages\/1423","targetHints":{"allow":["GET"]}}],"collection":[{"href":"https:\/\/www.kolpingsfamilie-neunkirchen.de\/index.php\/wp-json\/wp\/v2\/pages"}],"about":[{"href":"https:\/\/www.kolpingsfamilie-neunkirchen.de\/index.php\/wp-json\/wp\/v2\/types\/page"}],"author":[{"embeddable":true,"href":"https:\/\/www.kolpingsfamilie-neunkirchen.de\/index.php\/wp-json\/wp\/v2\/users\/1"}],"replies":[{"embeddable":true,"href":"https:\/\/www.kolpingsfamilie-neunkirchen.de\/index.php\/wp-json\/wp\/v2\/comments?post=1423"}],"version-history":[{"count":11,"href":"https:\/\/www.kolpingsfamilie-neunkirchen.de\/index.php\/wp-json\/wp\/v2\/pages\/1423\/revisions"}],"predecessor-version":[{"id":2153,"href":"https:\/\/www.kolpingsfamilie-neunkirchen.de\/index.php\/wp-json\/wp\/v2\/pages\/1423\/revisions\/2153"}],"wp:attachment":[{"href":"https:\/\/www.kolpingsfamilie-neunkirchen.de\/index.php\/wp-json\/wp\/v2\/media?parent=1423"}],"curies":[{"name":"wp","href":"https:\/\/api.w.org\/{rel}","templated":true}]}}