{"id":2039,"date":"2025-03-17T17:43:14","date_gmt":"2025-03-17T17:43:14","guid":{"rendered":"https:\/\/www.kolpingsfamilie-neunkirchen.de\/?post_type=tribe_events&#038;p=2039"},"modified":"2025-03-17T20:46:05","modified_gmt":"2025-03-17T19:46:05","slug":"jahreshauptversammlung-2025","status":"publish","type":"tribe_events","link":"https:\/\/www.kolpingsfamilie-neunkirchen.de\/index.php\/event\/jahreshauptversammlung-2025\/","title":{"rendered":"Jahreshauptversammlung 2025"},"content":{"rendered":"<div  class=\"tribe-events-schedule tribe-clearfix\" >\n\t<p class=\"tribe-events-schedule__datetime\">\n\t\t<span class=\"tribe-events-schedule__date tribe-events-schedule__date--start\">\n\t\t\t19. M\u00e4rz 2025\t\t<\/span>\n\n\t\t\t\t\t<span class=\"tribe-events-schedule__separator tribe-events-schedule__separator--date\">\n\t\t\t\t | \t\t\t<\/span>\n\t\t\t<span class=\"tribe-events-schedule__time tribe-events-schedule__time--start\">\n\t\t\t\t21:00\t\t\t<\/span>\n\t\t\n\t\t\t\t\t\t\t\t\t<span class=\"tribe-events-schedule__separator tribe-events-schedule__separator--time\">\n\t\t\t\t\t &#8211; \t\t\t\t<\/span>\n\t\t\t\n\t\t\t\t\t\t\t<span class=\"tribe-events-schedule__date tribe-events-schedule__date--end\">\n\t\t\t\t\t20. M\u00e4rz 2025\t\t\t\t<\/span>\n\n\t\t\t\t\t\t\t\t\t<span class=\"tribe-events-schedule__separator tribe-events-schedule__separator--date\">\n\t\t\t\t\t\t | \t\t\t\t\t<\/span>\n\t\t\t\t\t<span class=\"tribe-events-schedule__time tribe-events-schedule__time--end\">\n\t\t\t\t\t\t0:00\t\t\t\t\t<\/span>\n\t\t\t\t\n\t\t\t\n\t\t\t\t\t\t<\/p>\n<\/div>\n\n\n\n<h2 class=\"wp-block-heading\">19:00 Uhr Gottesdienst mit Pr\u00e4ses Pfr. Joachim Cibura<\/h2>\n\n\n\n<h2 class=\"wp-block-heading\">20:00 Uhr im Pfarrgemeindehaus Adolph Kolping: Jahreshauptversammlung 2025<\/h2>\n\n\n\n<div style=\"height:20px\" aria-hidden=\"true\" class=\"wp-block-spacer\"><\/div>\n\n\n\n<p><strong>Tagesordnung:<\/strong><\/p>\n\n\n\n<p>1. Begr\u00fc\u00dfung<\/p>\n\n\n\n<p>2. Gru\u00dfworte unseres Pr\u00e4ses Pfr. Joachim Cibura<\/p>\n\n\n\n<p>3. Mitglieder-Entwicklung<\/p>\n\n\n\n<p>4. Bericht des Vorsitzenden<\/p>\n\n\n\n<p>5. Kassenbericht, Bericht der Kassenpr\u00fcfer<\/p>\n\n\n\n<p>6. Nachwahlen<\/p>\n\n\n\n<p>7. W\u00fcnsche und Antr\u00e4ge, Sonstiges<\/p>\n\n\n\n<p>8. Gemeinsames Kolpinglied<\/p>\n\n\n\n<div style=\"height:24px\" aria-hidden=\"true\" class=\"wp-block-spacer\"><\/div>\n\n\n\n<p><\/p>\n\n\n\n<p>Liebe Kolpingschwester, lieber Kolpingbruder,<\/p>\n\n\n\n<p>bitte nimm Dir die Zeit und zeige durch Deine Teilnahme an diesem Abend Dein Interesse an<\/p>\n\n\n\n<p>den vielf\u00e4ltigen Aktivit\u00e4ten unserer Kolpingsfamilie St. Josef.<\/p>\n\n\n\n<div style=\"height:25px\" aria-hidden=\"true\" class=\"wp-block-spacer\"><\/div>\n\n\n\n<p><\/p>\n\n\n\n<p>Es gr\u00fc\u00dft Euch mit einem herzlichen<\/p>\n\n\n\n<p>\u201eTreu Kolping\u201c<\/p>\n\n\n\n<p>euer Markus<\/p>\n\n\n\n<p>1. Vorsitzender<\/p>\n\n\n<div  class=\"tribe-block tribe-block__event-price\" >\n\t\t<\/div>\n\n\n\n\n<div  class=\"tribe-block tribe-block__venue tribe-clearfix\" >\n\t\n\t\t\n\t<\/div>\n\n\n\n\n\t<div  class=\"tribe-block tribe-block__events-link\" >\n\t\t<div class=\"tribe-events tribe-common\">\n\t\t\t<div class=\"tribe-events-c-subscribe-dropdown__container\">\n\t\t\t\t<div class=\"tribe-events-c-subscribe-dropdown\">\n\t\t\t\t\t<div class=\"tribe-common-c-btn-border tribe-events-c-subscribe-dropdown__button\">\n\t\t\t\t\t\t<svg\n\t class=\"tribe-common-c-svgicon tribe-common-c-svgicon--cal-export tribe-events-c-subscribe-dropdown__export-icon\" \taria-hidden=\"true\"\n\tviewBox=\"0 0 23 17\"\n\txmlns=\"http:\/\/www.w3.org\/2000\/svg\"\n>\n\t<path fill-rule=\"evenodd\" clip-rule=\"evenodd\" d=\"M.128.896V16.13c0 .211.145.383.323.383h15.354c.179 0 .323-.172.323-.383V.896c0-.212-.144-.383-.323-.383H.451C.273.513.128.684.128.896Zm16 6.742h-.901V4.679H1.009v10.729h14.218v-3.336h.901V7.638ZM1.01 1.614h14.218v2.058H1.009V1.614Z\" \/>\n\t<path d=\"M20.5 9.846H8.312M18.524 6.953l2.89 2.909-2.855 2.855\" stroke-width=\"1.2\" stroke-linecap=\"round\" stroke-linejoin=\"round\"\/>\n<\/svg>\n\t\t\t\t\t\t<button\n\t\t\t\t\t\t\tclass=\"tribe-events-c-subscribe-dropdown__button-text\"\n\t\t\t\t\t\t\taria-expanded=\"false\"\n\t\t\t\t\t\t\taria-controls=\"tribe-events-subscribe-dropdown-content\"\n\t\t\t\t\t\t\taria-label=\"Zeige Links an um Veranstaltungen zu deinem Kalender hinzuzuf\u00fcgen\"\n\t\t\t\t\t\t>\n\t\t\t\t\t\t\tZum Kalender hinzuf\u00fcgen\t\t\t\t\t\t<\/button>\n\t\t\t\t\t\t<svg\n\t class=\"tribe-common-c-svgicon tribe-common-c-svgicon--caret-down tribe-events-c-subscribe-dropdown__button-icon\" \taria-hidden=\"true\"\n\tviewBox=\"0 0 10 7\"\n\txmlns=\"http:\/\/www.w3.org\/2000\/svg\"\n>\n\t<path fill-rule=\"evenodd\" clip-rule=\"evenodd\" d=\"M1.008.609L5 4.6 8.992.61l.958.958L5 6.517.05 1.566l.958-.958z\" class=\"tribe-common-c-svgicon__svg-fill\"\/>\n<\/svg>\n\t\t\t\t\t<\/div>\n\t\t\t\t\t<div id=\"tribe-events-subscribe-dropdown-content\" class=\"tribe-events-c-subscribe-dropdown__content\">\n\t\t\t\t\t\t<ul class=\"tribe-events-c-subscribe-dropdown__list\">\n\t\t\t\t\t\t\t\t\t\t\t\t\t\t\t<li class=\"tribe-events-c-subscribe-dropdown__list-item tribe-events-c-subscribe-dropdown__list-item--gcal\">\n\t\t\t\t\t\t\t\t\t<a\n\t\t\t\t\t\t\t\t\t\thref=\"https:\/\/www.google.com\/calendar\/event?action=TEMPLATE&#038;dates=20250319T200000\/20250319T230000&#038;text=Jahreshauptversammlung%202025&#038;details=%3Ch2+class%3D%22wp-block-heading%22%3E19%3A00+Uhr+Gottesdienst+mit+Pr%C3%A4ses+Pfr.+Joachim+Cibura%3C%2Fh2%3E%3Ch2+class%3D%22wp-block-heading%22%3E20%3A00+Uhr+im+Pfarrgemeindehaus+Adolph+Kolping%3A+Jahreshauptversammlung+2025%3C%2Fh2%3E%3Cdiv+style%3D%22height%3A20px%22+aria-hidden%3D%22true%22+class%3D%22wp-block-spacer%22%3E%3C%2Fdiv%3E%3Cp%3E%3Cstrong%3ETagesordnung%3A%3C%2Fstrong%3E%3C%2Fp%3E+%3Cp%3E1.+Begr%C3%BC%C3%9Fung%3C%2Fp%3E+%3Cp%3E2.+Gru%C3%9Fworte+unseres+Pr%C3%A4ses+Pfr.+Joachim+Cibura%3C%2Fp%3E+%3Cp%3E3.+Mitglieder-Entwicklung%3C%2Fp%3E+%3Cp%3E4.+Bericht+des+Vorsitzenden%3C%2Fp%3E+%3Cp%3E5.+Kassenbericht%2C+Bericht+der+Kassenpr%C3%BCfer%3C%2Fp%3E+%3Cp%3E6.+Nachwahlen%3C%2Fp%3E+%3Cp%3E7.+W%C3%BCnsche+und+Antr%C3%A4ge%2C+Sonstiges%3C%2Fp%3E+%3Cp%3E8.+Gemeinsames+Kolpinglied%3C%2Fp%3E+%3Cdiv+style%3D%22height%3A24px%22+aria-hidden%3D%22true%22+class%3D%22wp-block-spacer%22%3E%3C%2Fdiv%3E%3Cp%3E%3C%2Fp%3E+%3Cp%3ELiebe+Kolpingschwester%2C+lieber+Kolpingbruder%2C%3C%2Fp%3E+%3Cp%3Ebitte+nimm+Dir+die+Zeit+und+zeige+durch+Deine+Teilnahme+an+diesem+Abend+Dein+Interesse+an%3C%2Fp%3E+%3Cp%3Eden+vielf%C3%A4ltigen+Aktivit%C3%A4ten+unserer+Kolpingsfamilie+St.+Josef.%3C%2Fp%3E+%3Cdiv+style%3D%22heig+%28Zeige+vollst%C3%A4ndige+Veranstaltung-Beschreibung+hier+an%3A+https%3A%2F%2Fwww.kolpingsfamilie-neunkirchen.de%2Findex.php%2Fevent%2Fjahreshauptversammlung-2025%2F%29&#038;trp=false&#038;ctz=Europe\/Berlin&#038;sprop=website:https:\/\/www.kolpingsfamilie-neunkirchen.de\"\n\t\t\t\t\t\t\t\t\t\tclass=\"tribe-events-c-subscribe-dropdown__list-item-link\"\n\t\t\t\t\t\t\t\t\t\ttarget=\"_blank\"\n\t\t\t\t\t\t\t\t\t\trel=\"noopener noreferrer nofollow noindex\"\n\t\t\t\t\t\t\t\t\t>\n\t\t\t\t\t\t\t\t\t\tGoogle Kalender\t\t\t\t\t\t\t\t\t<\/a>\n\t\t\t\t\t\t\t\t<\/li>\n\t\t\t\t\t\t\t\t\t\t\t\t\t\t\t<li class=\"tribe-events-c-subscribe-dropdown__list-item tribe-events-c-subscribe-dropdown__list-item--ical\">\n\t\t\t\t\t\t\t\t\t<a\n\t\t\t\t\t\t\t\t\t\thref=\"\"\n\t\t\t\t\t\t\t\t\t\tclass=\"tribe-events-c-subscribe-dropdown__list-item-link\"\n\t\t\t\t\t\t\t\t\t\ttarget=\"_blank\"\n\t\t\t\t\t\t\t\t\t\trel=\"noopener noreferrer nofollow noindex\"\n\t\t\t\t\t\t\t\t\t>\n\t\t\t\t\t\t\t\t\t\tiCalendar\t\t\t\t\t\t\t\t\t<\/a>\n\t\t\t\t\t\t\t\t<\/li>\n\t\t\t\t\t\t\t\t\t\t\t\t\t\t\t<li class=\"tribe-events-c-subscribe-dropdown__list-item tribe-events-c-subscribe-dropdown__list-item--outlook-365\">\n\t\t\t\t\t\t\t\t\t<a\n\t\t\t\t\t\t\t\t\t\thref=\"\"\n\t\t\t\t\t\t\t\t\t\tclass=\"tribe-events-c-subscribe-dropdown__list-item-link\"\n\t\t\t\t\t\t\t\t\t\ttarget=\"_blank\"\n\t\t\t\t\t\t\t\t\t\trel=\"noopener noreferrer nofollow noindex\"\n\t\t\t\t\t\t\t\t\t>\n\t\t\t\t\t\t\t\t\t\tOutlook 365\t\t\t\t\t\t\t\t\t<\/a>\n\t\t\t\t\t\t\t\t<\/li>\n\t\t\t\t\t\t\t\t\t\t\t\t\t\t\t<li class=\"tribe-events-c-subscribe-dropdown__list-item tribe-events-c-subscribe-dropdown__list-item--outlook-live\">\n\t\t\t\t\t\t\t\t\t<a\n\t\t\t\t\t\t\t\t\t\thref=\"\"\n\t\t\t\t\t\t\t\t\t\tclass=\"tribe-events-c-subscribe-dropdown__list-item-link\"\n\t\t\t\t\t\t\t\t\t\ttarget=\"_blank\"\n\t\t\t\t\t\t\t\t\t\trel=\"noopener noreferrer nofollow noindex\"\n\t\t\t\t\t\t\t\t\t>\n\t\t\t\t\t\t\t\t\t\tOutlook Live\t\t\t\t\t\t\t\t\t<\/a>\n\t\t\t\t\t\t\t\t<\/li>\n\t\t\t\t\t\t\t\t\t\t\t\t\t<\/ul>\n\t\t\t\t\t<\/div>\n\t\t\t\t<\/div>\n\t\t\t<\/div>\n\t\t<\/div>\n\t<\/div>\n\n","protected":false},"excerpt":{"rendered":"<p>19:00 Uhr Gottesdienst mit Pr\u00e4ses Pfr. Joachim Cibura 20:00 Uhr im Pfarrgemeindehaus Adolph Kolping: Jahreshauptversammlung 2025 Tagesordnung: 1. Begr\u00fc\u00dfung 2. Gru\u00dfworte unseres Pr\u00e4ses Pfr. Joachim Cibura 3. Mitglieder-Entwicklung 4. Bericht [&hellip;]<\/p>\n","protected":false},"author":1,"featured_media":0,"template":"","meta":{"_editorskit_title_hidden":false,"_editorskit_reading_time":0,"_editorskit_is_block_options_detached":false,"_editorskit_block_options_position":"{}","_uag_custom_page_level_css":"","_EventAllDay":false,"_EventTimezone":"UTC+0","_EventStartDate":"2025-03-19 20:00:00","_EventEndDate":"2025-03-19 23:00:00","_EventStartDateUTC":"2025-03-19 20:00:00","_EventEndDateUTC":"2025-03-19 23:00:00","_EventShowMap":false,"_EventShowMapLink":false,"_EventURL":"","_EventCost":"","_EventCostDescription":"","_EventCurrencySymbol":"\u20ac","_EventCurrencyCode":"USD","_EventCurrencyPosition":"prefix","_EventDateTimeSeparator":" | ","_EventTimeRangeSeparator":" - ","_EventOrganizerID":[],"_EventVenueID":[],"_OrganizerEmail":"","_OrganizerPhone":"","_OrganizerWebsite":"","_VenueAddress":"","_VenueCity":"","_VenueCountry":"","_VenueProvince":"","_VenueState":"","_VenueZip":"","_VenuePhone":"","_VenueURL":"","_VenueStateProvince":"","_VenueLat":"","_VenueLng":"","_VenueShowMap":false,"_VenueShowMapLink":false,"_tribe_events_status":"","_tribe_events_status_reason":"","footnotes":""},"tags":[],"tribe_events_cat":[],"class_list":["post-2039","tribe_events","type-tribe_events","status-publish","hentry"],"uagb_featured_image_src":{"full":false,"thumbnail":false,"medium":false,"medium_large":false,"large":false,"1536x1536":false,"2048x2048":false,"reveal-homepage-thumb":false},"uagb_author_info":{"display_name":"markus","author_link":"https:\/\/www.kolpingsfamilie-neunkirchen.de\/index.php\/author\/markus\/"},"uagb_comment_info":0,"uagb_excerpt":"19:00 Uhr Gottesdienst mit Pr\u00e4ses Pfr. Joachim Cibura 20:00 Uhr im Pfarrgemeindehaus Adolph Kolping: Jahreshauptversammlung 2025 Tagesordnung: 1. Begr\u00fc\u00dfung 2. Gru\u00dfworte unseres Pr\u00e4ses Pfr. Joachim Cibura 3. Mitglieder-Entwicklung 4. Bericht [&hellip;]","_links":{"self":[{"href":"https:\/\/www.kolpingsfamilie-neunkirchen.de\/index.php\/wp-json\/wp\/v2\/tribe_events\/2039","targetHints":{"allow":["GET"]}}],"collection":[{"href":"https:\/\/www.kolpingsfamilie-neunkirchen.de\/index.php\/wp-json\/wp\/v2\/tribe_events"}],"about":[{"href":"https:\/\/www.kolpingsfamilie-neunkirchen.de\/index.php\/wp-json\/wp\/v2\/types\/tribe_events"}],"author":[{"embeddable":true,"href":"https:\/\/www.kolpingsfamilie-neunkirchen.de\/index.php\/wp-json\/wp\/v2\/users\/1"}],"version-history":[{"count":5,"href":"https:\/\/www.kolpingsfamilie-neunkirchen.de\/index.php\/wp-json\/wp\/v2\/tribe_events\/2039\/revisions"}],"predecessor-version":[{"id":2061,"href":"https:\/\/www.kolpingsfamilie-neunkirchen.de\/index.php\/wp-json\/wp\/v2\/tribe_events\/2039\/revisions\/2061"}],"wp:attachment":[{"href":"https:\/\/www.kolpingsfamilie-neunkirchen.de\/index.php\/wp-json\/wp\/v2\/media?parent=2039"}],"wp:term":[{"taxonomy":"post_tag","embeddable":true,"href":"https:\/\/www.kolpingsfamilie-neunkirchen.de\/index.php\/wp-json\/wp\/v2\/tags?post=2039"},{"taxonomy":"tribe_events_cat","embeddable":true,"href":"https:\/\/www.kolpingsfamilie-neunkirchen.de\/index.php\/wp-json\/wp\/v2\/tribe_events_cat?post=2039"}],"curies":[{"name":"wp","href":"https:\/\/api.w.org\/{rel}","templated":true}]}}